{"id":51,"date":"2022-11-30T10:30:46","date_gmt":"2022-11-30T10:30:46","guid":{"rendered":"https:\/\/racetozero.cymru\/?page_id=51"},"modified":"2023-08-24T18:47:16","modified_gmt":"2023-08-24T18:47:16","slug":"un-race-to-zero","status":"publish","type":"page","link":"https:\/\/racetozero.cymru\/cy\/un-race-to-zero\/","title":{"rendered":"RAS I SERO Y CU"},"content":{"rendered":"<div class=\"wp-block-cover alignfull is-light\" style=\"min-height:609px;aspect-ratio:unset;\"><span aria-hidden=\"true\" class=\"wp-block-cover__background has-background-dim\"><\/span><img decoding=\"async\" width=\"2560\" height=\"1709\" class=\"wp-block-cover__image-background wp-image-1072 lazyload\" alt=\"race\" data-src=\"https:\/\/racetozero.cymru\/wp-content\/uploads\/2023\/05\/pexels-emilio-sanchez-13392576-scaled.jpg\" style=\"--smush-placeholder-width: 2560px; --smush-placeholder-aspect-ratio: 2560\/1709;object-position:46% 49%\" data-object-fit=\"cover\" data-object-position=\"46% 49%\" data-srcset=\"https:\/\/racetozero.cymru\/wp-content\/uploads\/2023\/05\/pexels-emilio-sanchez-13392576-scaled.jpg 2560w, https:\/\/racetozero.cymru\/wp-content\/uploads\/2023\/05\/pexels-emilio-sanchez-13392576-300x200.jpg 300w, https:\/\/racetozero.cymru\/wp-content\/uploads\/2023\/05\/pexels-emilio-sanchez-13392576-1024x684.jpg 1024w, https:\/\/racetozero.cymru\/wp-content\/uploads\/2023\/05\/pexels-emilio-sanchez-13392576-768x513.jpg 768w, https:\/\/racetozero.cymru\/wp-content\/uploads\/2023\/05\/pexels-emilio-sanchez-13392576-1536x1025.jpg 1536w, https:\/\/racetozero.cymru\/wp-content\/uploads\/2023\/05\/pexels-emilio-sanchez-13392576-2048x1367.jpg 2048w, https:\/\/racetozero.cymru\/wp-content\/uploads\/2023\/05\/pexels-emilio-sanchez-13392576-18x12.jpg 18w\" data-sizes=\"(max-width: 2560px) 100vw, 2560px\" src=\"data:image\/svg+xml;base64,PHN2ZyB3aWR0aD0iMSIgaGVpZ2h0PSIxIiB4bWxucz0iaHR0cDovL3d3dy53My5vcmcvMjAwMC9zdmciPjwvc3ZnPg==\" \/><div class=\"wp-block-cover__inner-container is-layout-flow wp-block-cover-is-layout-flow\">\n<h1 class=\"wp-block-heading has-white-color has-text-color\">Ras i <mark style=\"background-color:rgba(0, 0, 0, 0)\" class=\"has-inline-color has-bright-red-color\">Sero<\/mark><\/h1>\n<\/div><\/div>\n\n\n\n<div class=\"wp-block-group is-layout-constrained wp-block-group-is-layout-constrained\">\n<p class=\"third-padding\">Mae Ras i Sero yn ymgyrch fyd-eang sy\u2019n denu actorion anwladwriaethol \u2013 gan gynnwys cwmn\u00efau, dinasoedd, rhanbarthau, sefydliadau ariannol, addysgol a gofal iechyd \u2013 i gymryd camau llym ac ar unwaith i haneru allyriadau byd-eang erbyn 2030 a sicrhau byd di-garbon iachach a thecach.<\/p>\n\n\n\n<p class=\"third-padding\">Dysgwch fwy am Ras i Sero ar wefan <strong><a href=\"https:\/\/climatechampions.unfccc.int\">Pencampwyr Lefel Uchel UNFCCC.<\/a><\/strong>.<\/p>\n\n\n\n<div class=\"wp-block-buttons is-layout-flex wp-block-buttons-is-layout-flex\"><\/div>\n\n\n\n<p class=\"third-padding\">Mae meini prawf 'llinell gychwyn', a elwir yn Saesneg yn \u2018the 5 Ps, yn ei gwneud yn ofynnol i aelodau Addo (Pledge), Cynllunio (Plan), Bwrw Ymlaen (Proceed), Cyhoeddi (Publish) a Pherswadio (Persuade).<\/p>\n<\/div>\n\n\n\n<div class=\"wp-block-media-text alignwide is-stacked-on-mobile is-image-fill actions-media-text has-deep-blue-color has-light-gray-background-color has-text-color has-background\" style=\"grid-template-columns:37% auto\"><figure class=\"wp-block-media-text__media lazyload\" style=\"background-image:inherit;background-position:50% 50%\" data-bg-image=\"url(https:\/\/racetozero.cymru\/wp-content\/uploads\/2023\/01\/image-13.png)\"><img decoding=\"async\" width=\"436\" height=\"750\" data-src=\"https:\/\/racetozero.cymru\/wp-content\/uploads\/2023\/01\/image-13.png\" alt=\"Picture of a mountain and fields\" class=\"wp-image-881 size-full lazyload\" data-srcset=\"https:\/\/racetozero.cymru\/wp-content\/uploads\/2023\/01\/image-13.png 436w, https:\/\/racetozero.cymru\/wp-content\/uploads\/2023\/01\/image-13-174x300.png 174w, https:\/\/racetozero.cymru\/wp-content\/uploads\/2023\/01\/image-13-7x12.png 7w\" data-sizes=\"(max-width: 436px) 100vw, 436px\" src=\"data:image\/svg+xml;base64,PHN2ZyB3aWR0aD0iMSIgaGVpZ2h0PSIxIiB4bWxucz0iaHR0cDovL3d3dy53My5vcmcvMjAwMC9zdmciPjwvc3ZnPg==\" style=\"--smush-placeholder-width: 436px; --smush-placeholder-aspect-ratio: 436\/750;\" \/><\/figure><div class=\"wp-block-media-text__content\">\n<h3 class=\"wp-block-heading\"><mark style=\"background-color:rgba(0, 0, 0, 0)\" class=\"has-inline-color has-deep-blue-color\">Addo:<\/mark><\/h3>\n\n\n\n<p>Gweithredu tuag at neu y tu hwnt i gyfran deg o\u2019r gostyngiad byd-eang o 50% mewn nwyon t\u0177 gwydr sydd ei angen erbyn 2030, a chyrraedd sero net erbyn 2050 fan bellaf.<\/p>\n\n\n\n<h3 class=\"wp-block-heading\"><mark style=\"background-color:rgba(0, 0, 0, 0)\" class=\"has-inline-color has-deep-blue-color\">Cynllunio:<\/mark><\/h3>\n\n\n\n<p>Cyn pen 12 mis, llunio cynllun lleihau allyriadau seiliedig ar dystiolaeth, yn unol \u00e2'r addewid.<\/p>\n\n\n\n<h3 class=\"wp-block-heading\"><mark style=\"background-color:rgba(0, 0, 0, 0)\" class=\"has-inline-color has-deep-blue-color\">Bwrw ymlaen:<\/mark><\/h3>\n\n\n\n<p>Cymryd camau uniongyrchol tuag at gyflawni'r addewid.<\/p>\n\n\n\n<h3 class=\"wp-block-heading\"><mark style=\"background-color:rgba(0, 0, 0, 0)\" class=\"has-inline-color has-deep-blue-color\">Cyhoeddi:<\/mark><\/h3>\n\n\n\n<p>Ymrwymo i adrodd am ddata a chamau gweithredu mewn perthynas \u00e2 chyflawni'r addewid, a hynny yn gyhoeddus ac yn flynyddol o leiaf \u2013 gan eu mewnbynnu i Borth Gweithredu ar y Newid yn yr Hinsawdd Byd-eang Confensiwn Fframwaith y Cenhedloedd Unedig ar Newid yn yr Hinsawdd.<\/p>\n\n\n\n<h3 class=\"wp-block-heading\"><mark style=\"background-color:rgba(0, 0, 0, 0)\" class=\"has-inline-color has-deep-blue-color\">Perswadio:<\/mark><\/h3>\n\n\n\n<p>Cysoni gweithgareddau lob\u00efo ac eirioli \u00e2 sero-net trwy fynd ati mewn modd rhagweithiol i gefnogi polis\u00efau hinsawdd sy'n gyson \u00e2 meini prawf Ras i Sero.<\/p>\n<\/div><\/div>\n\n\n\n<div class=\"wp-block-group alignwide has-light-gray-background-color has-background is-layout-constrained wp-block-group-is-layout-constrained\">\n<div class=\"wp-block-buttons is-layout-flex wp-block-buttons-is-layout-flex\">\n<div class=\"wp-block-button has-custom-width wp-block-button__width-100 is-style-outline is-style-outline--1\"><a class=\"wp-block-button__link has-deep-blue-color has-light-gray-background-color has-text-color has-background has-text-align-center wp-element-button\" href=\"https:\/\/racetozero.unfccc.int\/system\/criteria\/\" style=\"border-radius:0px\">Darllenwch y meini prawf 'llinell gychwyn' llawn<\/a><\/div>\n<\/div>\n\n\n\n<div class=\"wp-block-buttons alignwide is-layout-flex wp-block-buttons-is-layout-flex\"><\/div>\n<\/div>\n\n\n\n<div style=\"height:0px\" aria-hidden=\"true\" class=\"wp-block-spacer\"><\/div>","protected":false},"excerpt":{"rendered":"<p>Race to Zero is a global campaign rallying non-state actors \u2013 including companies, cities, regions, financial, educational, and healthcare institutions \u2013 to take rigorous and immediate action to halve global [&hellip;]<\/p>","protected":false},"author":5,"featured_media":1072,"parent":0,"menu_order":0,"comment_status":"closed","ping_status":"closed","template":"","meta":{"inline_featured_image":false,"footnotes":""},"class_list":["post-51","page","type-page","status-publish","has-post-thumbnail","hentry"],"acf":[],"yoast_head":"<!-- This site is optimized with the Yoast SEO plugin v20.4 - https:\/\/yoast.com\/wordpress\/plugins\/seo\/ -->\n<title>UN Race to Zero - Race to Zero<\/title>\n<meta name=\"robots\" content=\"index, follow, max-snippet:-1, max-image-preview:large, max-video-preview:-1\" \/>\n<link rel=\"canonical\" href=\"https:\/\/racetozero.cymru\/cy\/un-race-to-zero\/\" \/>\n<meta property=\"og:locale\" content=\"en_US\" \/>\n<meta property=\"og:type\" content=\"article\" \/>\n<meta property=\"og:title\" content=\"UN Race to Zero - Race to Zero\" \/>\n<meta property=\"og:description\" content=\"Race to Zero is a global campaign rallying non-state actors \u2013 including companies, cities, regions, financial, educational, and healthcare institutions \u2013 to take rigorous and immediate action to halve global [&hellip;]\" \/>\n<meta property=\"og:url\" content=\"https:\/\/racetozero.cymru\/cy\/un-race-to-zero\/\" \/>\n<meta property=\"og:site_name\" content=\"Race to Zero\" \/>\n<meta property=\"article:modified_time\" content=\"2023-08-24T18:47:16+00:00\" \/>\n<meta property=\"og:image\" content=\"https:\/\/racetozero.cymru\/wp-content\/uploads\/2023\/05\/pexels-emilio-sanchez-13392576-scaled.jpg\" \/>\n\t<meta property=\"og:image:width\" content=\"2560\" \/>\n\t<meta property=\"og:image:height\" content=\"1709\" \/>\n\t<meta property=\"og:image:type\" content=\"image\/jpeg\" \/>\n<meta name=\"twitter:card\" content=\"summary_large_image\" \/>\n<meta name=\"twitter:label1\" content=\"Est. reading time\" \/>\n\t<meta name=\"twitter:data1\" content=\"2 funud\" \/>\n<script type=\"application\/ld+json\" class=\"yoast-schema-graph\">{\"@context\":\"https:\/\/schema.org\",\"@graph\":[{\"@type\":\"WebPage\",\"@id\":\"https:\/\/racetozero.cymru\/un-race-to-zero\/\",\"url\":\"https:\/\/racetozero.cymru\/un-race-to-zero\/\",\"name\":\"UN Race to Zero - Race to Zero\",\"isPartOf\":{\"@id\":\"https:\/\/racetozero.cymru\/cy\/#website\"},\"datePublished\":\"2022-11-30T10:30:46+00:00\",\"dateModified\":\"2023-08-24T18:47:16+00:00\",\"breadcrumb\":{\"@id\":\"https:\/\/racetozero.cymru\/un-race-to-zero\/#breadcrumb\"},\"inLanguage\":\"cy\",\"potentialAction\":[{\"@type\":\"ReadAction\",\"target\":[\"https:\/\/racetozero.cymru\/un-race-to-zero\/\"]}]},{\"@type\":\"BreadcrumbList\",\"@id\":\"https:\/\/racetozero.cymru\/un-race-to-zero\/#breadcrumb\",\"itemListElement\":[{\"@type\":\"ListItem\",\"position\":1,\"name\":\"Home\",\"item\":\"https:\/\/racetozero.cymru\/\"},{\"@type\":\"ListItem\",\"position\":2,\"name\":\"UN Race to Zero\"}]},{\"@type\":\"WebSite\",\"@id\":\"https:\/\/racetozero.cymru\/cy\/#website\",\"url\":\"https:\/\/racetozero.cymru\/cy\/\",\"name\":\"Race to Zero\",\"description\":\"Accelerating the Race to Zero in Wales\",\"publisher\":{\"@id\":\"https:\/\/racetozero.cymru\/cy\/#organization\"},\"potentialAction\":[{\"@type\":\"SearchAction\",\"target\":{\"@type\":\"EntryPoint\",\"urlTemplate\":\"https:\/\/racetozero.cymru\/cy\/?s={search_term_string}\"},\"query-input\":\"required name=search_term_string\"}],\"inLanguage\":\"cy\"},{\"@type\":\"Organization\",\"@id\":\"https:\/\/racetozero.cymru\/cy\/#organization\",\"name\":\"Race to Zero\",\"url\":\"https:\/\/racetozero.cymru\/cy\/\",\"logo\":{\"@type\":\"ImageObject\",\"inLanguage\":\"cy\",\"@id\":\"https:\/\/racetozero.cymru\/cy\/#\/schema\/logo\/image\/\",\"url\":\"https:\/\/racetozero.wales\/wp-content\/uploads\/2022\/11\/Screenshot-2022-10-05-at-11.32-1.png\",\"contentUrl\":\"https:\/\/racetozero.wales\/wp-content\/uploads\/2022\/11\/Screenshot-2022-10-05-at-11.32-1.png\",\"width\":437,\"height\":437,\"caption\":\"Race to Zero\"},\"image\":{\"@id\":\"https:\/\/racetozero.cymru\/cy\/#\/schema\/logo\/image\/\"}}]}<\/script>\n<!-- \/ Yoast SEO plugin. -->","yoast_head_json":{"title":"UN Race to Zero - Race to Zero","robots":{"index":"index","follow":"follow","max-snippet":"max-snippet:-1","max-image-preview":"max-image-preview:large","max-video-preview":"max-video-preview:-1"},"canonical":"https:\/\/racetozero.cymru\/cy\/un-race-to-zero\/","og_locale":"en_US","og_type":"article","og_title":"UN Race to Zero - Race to Zero","og_description":"Race to Zero is a global campaign rallying non-state actors \u2013 including companies, cities, regions, financial, educational, and healthcare institutions \u2013 to take rigorous and immediate action to halve global [&hellip;]","og_url":"https:\/\/racetozero.cymru\/cy\/un-race-to-zero\/","og_site_name":"Race to Zero","article_modified_time":"2023-08-24T18:47:16+00:00","og_image":[{"width":2560,"height":1709,"url":"https:\/\/racetozero.cymru\/wp-content\/uploads\/2023\/05\/pexels-emilio-sanchez-13392576-scaled.jpg","type":"image\/jpeg"}],"twitter_card":"summary_large_image","twitter_misc":{"Est. reading time":"2 funud"},"schema":{"@context":"https:\/\/schema.org","@graph":[{"@type":"WebPage","@id":"https:\/\/racetozero.cymru\/un-race-to-zero\/","url":"https:\/\/racetozero.cymru\/un-race-to-zero\/","name":"UN Race to Zero - Race to Zero","isPartOf":{"@id":"https:\/\/racetozero.cymru\/cy\/#website"},"datePublished":"2022-11-30T10:30:46+00:00","dateModified":"2023-08-24T18:47:16+00:00","breadcrumb":{"@id":"https:\/\/racetozero.cymru\/un-race-to-zero\/#breadcrumb"},"inLanguage":"cy","potentialAction":[{"@type":"ReadAction","target":["https:\/\/racetozero.cymru\/un-race-to-zero\/"]}]},{"@type":"BreadcrumbList","@id":"https:\/\/racetozero.cymru\/un-race-to-zero\/#breadcrumb","itemListElement":[{"@type":"ListItem","position":1,"name":"Home","item":"https:\/\/racetozero.cymru\/"},{"@type":"ListItem","position":2,"name":"UN Race to Zero"}]},{"@type":"WebSite","@id":"https:\/\/racetozero.cymru\/cy\/#website","url":"https:\/\/racetozero.cymru\/cy\/","name":"Race to Zero","description":"Accelerating the Race to Zero in Wales","publisher":{"@id":"https:\/\/racetozero.cymru\/cy\/#organization"},"potentialAction":[{"@type":"SearchAction","target":{"@type":"EntryPoint","urlTemplate":"https:\/\/racetozero.cymru\/cy\/?s={search_term_string}"},"query-input":"required name=search_term_string"}],"inLanguage":"cy"},{"@type":"Organization","@id":"https:\/\/racetozero.cymru\/cy\/#organization","name":"Race to Zero","url":"https:\/\/racetozero.cymru\/cy\/","logo":{"@type":"ImageObject","inLanguage":"cy","@id":"https:\/\/racetozero.cymru\/cy\/#\/schema\/logo\/image\/","url":"https:\/\/racetozero.wales\/wp-content\/uploads\/2022\/11\/Screenshot-2022-10-05-at-11.32-1.png","contentUrl":"https:\/\/racetozero.wales\/wp-content\/uploads\/2022\/11\/Screenshot-2022-10-05-at-11.32-1.png","width":437,"height":437,"caption":"Race to Zero"},"image":{"@id":"https:\/\/racetozero.cymru\/cy\/#\/schema\/logo\/image\/"}}]}},"_links":{"self":[{"href":"https:\/\/racetozero.cymru\/cy\/wp-json\/wp\/v2\/pages\/51","targetHints":{"allow":["GET"]}}],"collection":[{"href":"https:\/\/racetozero.cymru\/cy\/wp-json\/wp\/v2\/pages"}],"about":[{"href":"https:\/\/racetozero.cymru\/cy\/wp-json\/wp\/v2\/types\/page"}],"author":[{"embeddable":true,"href":"https:\/\/racetozero.cymru\/cy\/wp-json\/wp\/v2\/users\/5"}],"replies":[{"embeddable":true,"href":"https:\/\/racetozero.cymru\/cy\/wp-json\/wp\/v2\/comments?post=51"}],"version-history":[{"count":70,"href":"https:\/\/racetozero.cymru\/cy\/wp-json\/wp\/v2\/pages\/51\/revisions"}],"predecessor-version":[{"id":1188,"href":"https:\/\/racetozero.cymru\/cy\/wp-json\/wp\/v2\/pages\/51\/revisions\/1188"}],"wp:featuredmedia":[{"embeddable":true,"href":"https:\/\/racetozero.cymru\/cy\/wp-json\/wp\/v2\/media\/1072"}],"wp:attachment":[{"href":"https:\/\/racetozero.cymru\/cy\/wp-json\/wp\/v2\/media?parent=51"}],"curies":[{"name":"wp","href":"https:\/\/api.w.org\/{rel}","templated":true}]}}